{"id":685,"date":"2018-07-25T15:06:42","date_gmt":"2018-07-25T18:06:42","guid":{"rendered":"https:\/\/isfd15vla-nqn.infd.edu.ar\/sitio\/?page_id=685"},"modified":"2025-07-23T19:36:48","modified_gmt":"2025-07-23T22:36:48","slug":"autoridades","status":"publish","type":"page","link":"https:\/\/isfd15vla-nqn.infd.edu.ar\/sitio\/institucional\/autoridades\/","title":{"rendered":"Autoridades"},"content":{"rendered":"<pre><b>Equipa Directiva<\/b><\/pre>\n<p><strong>Directora:<\/strong> Fernanda Tucci<\/p>\n<p><strong>Vicedirectora:<\/strong> Valeria Labub<\/p>\n<p><strong>Secretaria Acad\u00e9mica:<\/strong> Beatriz Adaro<\/p>\n<pre><strong>Secretaria Administrativa<\/strong><\/pre>\n<p>Flavia Ruiz<\/p>\n<p>Alejandra Escobar<\/p>\n<pre><strong>Secretar\u00edas de Investigaci\u00f3n y Extensi\u00f3n<\/strong><\/pre>\n<p>Marcelo Sabbioni<\/p>\n<p>Renata Daghero Pons<\/p>\n<pre><strong>Coordinaci\u00f3n del Campo de la Pr\u00e1ctica<\/strong><\/pre>\n<p>Eugenia Vacatello<\/p>\n<p>Maira Rodr\u00edguez<\/p>\n<pre><strong>Coordinaci\u00f3n de Profesorado de Educaci\u00f3n Primaria<\/strong><\/pre>\n<p>Camila Vavallo<\/p>\n<pre><strong>Coordinaci\u00f3n de Profesorado de Educaci\u00f3n Especial<\/strong><\/pre>\n<p>Augusto Araujo<\/p>\n<pre><strong>Coordinaci\u00f3n de<\/strong> <strong>Profesorado de Educaci\u00f3n Secundaria en\u00a0Inform\u00e1tica<\/strong><\/pre>\n<p>Michael Lara<\/p>\n<pre><strong>Coordinaci\u00f3n de Profesorado de Educaci\u00f3n Secundaria en Filosof\u00eda<\/strong><\/pre>\n<p>Fernando Mach\u00edn<\/p>\n<pre><strong>Bibliotecaria<\/strong><\/pre>\n<p>Karina G. Campos<\/p>\n<p>Miriam Sepulveda Arias<\/p>\n<pre><strong>Facilitadora de Recursos Tecnol\u00f3gicos y Apoyo Educativo<\/strong><\/pre>\n<p>Karina A. Giammatolo<\/p>\n<pre><strong>\u00c1rea Asuntos Estudiantiles<\/strong><\/pre>\n<p>Mar\u00eda Bel\u00e9n Jofr\u00e9<\/p>\n<p>Carla Espinoza<\/p>\n<pre><b>Auxiliares<\/b><\/pre>\n<p style=\"text-align: left;\"><span style=\"font-weight: 400;\">Alej<\/span>andra Sol\u00eds<\/p>\n<p style=\"text-align: left;\"><span style=\"font-weight: 400;\">Tamara Murer<\/span><\/p>\n<p>Eugenia Cornelio<\/p>\n<p>Anal\u00eda Almir\u00f3n<\/p>\n","protected":false},"excerpt":{"rendered":"<p>Equipa Directiva Directora: Fernanda Tucci Vicedirectora: Valeria Labub Secretaria Acad\u00e9mica: Beatriz Adaro Secretaria Administrativa Flavia Ruiz Alejandra Escobar Secretar\u00edas de Investigaci\u00f3n y Extensi\u00f3n Marcelo Sabbioni Renata Daghero Pons Coordinaci\u00f3n del Campo de la Pr\u00e1ctica Eugenia Vacatello Maira Rodr\u00edguez Coordinaci\u00f3n de Profesorado de Educaci\u00f3n Primaria Camila Vavallo Coordinaci\u00f3n de Profesorado de Educaci\u00f3n Especial Augusto Araujo Coordinaci\u00f3n &#8230; <a title=\"Autoridades\" class=\"read-more\" href=\"https:\/\/isfd15vla-nqn.infd.edu.ar\/sitio\/institucional\/autoridades\/\" aria-label=\"More on Autoridades\">[+]<\/a><\/p>\n","protected":false},"author":6,"featured_media":0,"parent":683,"menu_order":0,"comment_status":"closed","ping_status":"closed","template":"","meta":[],"acf":[],"_links":{"self":[{"href":"https:\/\/isfd15vla-nqn.infd.edu.ar\/sitio\/wp-json\/wp\/v2\/pages\/685"}],"collection":[{"href":"https:\/\/isfd15vla-nqn.infd.edu.ar\/sitio\/wp-json\/wp\/v2\/pages"}],"about":[{"href":"https:\/\/isfd15vla-nqn.infd.edu.ar\/sitio\/wp-json\/wp\/v2\/types\/page"}],"author":[{"embeddable":true,"href":"https:\/\/isfd15vla-nqn.infd.edu.ar\/sitio\/wp-json\/wp\/v2\/users\/6"}],"replies":[{"embeddable":true,"href":"https:\/\/isfd15vla-nqn.infd.edu.ar\/sitio\/wp-json\/wp\/v2\/comments?post=685"}],"version-history":[{"count":32,"href":"https:\/\/isfd15vla-nqn.infd.edu.ar\/sitio\/wp-json\/wp\/v2\/pages\/685\/revisions"}],"predecessor-version":[{"id":1057,"href":"https:\/\/isfd15vla-nqn.infd.edu.ar\/sitio\/wp-json\/wp\/v2\/pages\/685\/revisions\/1057"}],"up":[{"embeddable":true,"href":"https:\/\/isfd15vla-nqn.infd.edu.ar\/sitio\/wp-json\/wp\/v2\/pages\/683"}],"wp:attachment":[{"href":"https:\/\/isfd15vla-nqn.infd.edu.ar\/sitio\/wp-json\/wp\/v2\/media?parent=685"}],"curies":[{"name":"wp","href":"https:\/\/api.w.org\/{rel}","templated":true}]}}